{"id":2168,"date":"2022-01-05T10:52:22","date_gmt":"2022-01-05T17:52:22","guid":{"rendered":"https:\/\/www.caasnm.org\/equipo\/"},"modified":"2022-01-05T10:52:29","modified_gmt":"2022-01-05T17:52:29","slug":"equipo","status":"publish","type":"page","link":"https:\/\/www.caasnm.org\/es\/equipo\/","title":{"rendered":"EQUIPO"},"content":{"rendered":"<p><div class=\"fusion-fullwidth fullwidth-box fusion-builder-row-1 fusion-flex-container fusion-parallax-none nonhundred-percent-fullwidth non-hundred-percent-height-scrolling\" style=\"--awb-background-position:center top;--awb-border-radius-top-left:0px;--awb-border-radius-top-right:0px;--awb-border-radius-bottom-right:0px;--awb-border-radius-bottom-left:0px;--awb-padding-top:5%;--awb-padding-right:5%;--awb-padding-bottom:5%;--awb-padding-left:5%;--awb-margin-top:40px;--awb-margin-bottom:0px;--awb-background-image:url(&quot;http:\/\/www.caasnm.org\/wp-content\/uploads\/2020\/10\/42954474_2298285043526413_5440695864257413120_o-e1607721584584-1024x453.jpg&quot;);--awb-background-size:cover;--awb-flex-wrap:wrap;\" ><div class=\"fusion-builder-row fusion-row fusion-flex-align-items-flex-start fusion-flex-content-wrap\" style=\"max-width:calc( 1140px + 0px );margin-left: calc(-0px \/ 2 );margin-right: calc(-0px \/ 2 );\"><div class=\"fusion-layout-column fusion_builder_column fusion-builder-column-0 fusion_builder_column_1_1 1_1 fusion-flex-column fusion-animated\" style=\"--awb-bg-color:rgba(27,18,16,0.75);--awb-bg-color-hover:rgba(27,18,16,0.75);--awb-bg-position:center center;--awb-bg-size:cover;--awb-width-large:100%;--awb-margin-top-large:0px;--awb-spacing-right-large:0px;--awb-margin-bottom-large:0px;--awb-spacing-left-large:0px;--awb-width-medium:100%;--awb-order-medium:0;--awb-spacing-right-medium:0px;--awb-spacing-left-medium:0px;--awb-width-small:100%;--awb-order-small:0;--awb-spacing-right-small:0px;--awb-spacing-left-small:0px;\" data-animationType=\"fadeInUp\" data-animationDuration=\"1.0\" data-animationOffset=\"top-into-view\"><div class=\"fusion-column-wrapper fusion-column-has-shadow fusion-flex-justify-content-flex-start fusion-content-layout-column\"><div class=\"fusion-title title fusion-title-1 fusion-sep-none fusion-title-center fusion-title-text fusion-title-size-one\" style=\"--awb-margin-bottom:0px;--awb-margin-bottom-small:0px;\"><h1 class=\"fusion-title-heading title-heading-center fusion-responsive-typography-calculated\" style=\"margin:0;--fontSize:100;line-height:1.4;\"><span style=\"color: #d2d2c9\">NUESTRO EQUIPO<\/span><\/h1><\/div><\/div><\/div><\/div><\/div><div class=\"fusion-fullwidth fullwidth-box fusion-builder-row-2 fusion-flex-container nonhundred-percent-fullwidth non-hundred-percent-height-scrolling\" style=\"--awb-border-radius-top-left:0px;--awb-border-radius-top-right:0px;--awb-border-radius-bottom-right:0px;--awb-border-radius-bottom-left:0px;--awb-padding-top:6%;--awb-padding-right:0%;--awb-padding-bottom:0px;--awb-padding-left:0%;--awb-flex-wrap:wrap;\" ><div class=\"fusion-builder-row fusion-row fusion-flex-align-items-flex-start fusion-flex-content-wrap\" style=\"max-width:1185.6px;margin-left: calc(-4% \/ 2 );margin-right: calc(-4% \/ 2 );\"><div class=\"fusion-layout-column fusion_builder_column fusion-builder-column-1 fusion_builder_column_1_1 1_1 fusion-flex-column fusion-animated\" style=\"--awb-padding-bottom:20px;--awb-bg-size:cover;--awb-width-large:100%;--awb-margin-top-large:0px;--awb-spacing-right-large:1.92%;--awb-margin-bottom-large:0px;--awb-spacing-left-large:1.92%;--awb-width-medium:100%;--awb-spacing-right-medium:1.92%;--awb-spacing-left-medium:1.92%;--awb-width-small:100%;--awb-spacing-right-small:1.92%;--awb-spacing-left-small:1.92%;\" data-animationType=\"fadeInDown\" data-animationDuration=\"1.0\" data-animationOffset=\"top-into-view\"><div class=\"fusion-column-wrapper fusion-column-has-shadow fusion-flex-justify-content-flex-start fusion-content-layout-column\"><div class=\"fusion-title title fusion-title-2 fusion-sep-none fusion-title-center fusion-title-text fusion-title-size-two\"><h2 class=\"fusion-title-heading title-heading-center fusion-responsive-typography-calculated\" style=\"margin:0;--fontSize:40;line-height:1.5;\">CONOZCA EL EQUIPO<\/h2><\/div><div class=\"fusion-separator\" style=\"align-self: center;margin-left: auto;margin-right: auto;margin-top:5%;margin-bottom:10%;width:100%;max-width:70%;\"><div class=\"fusion-separator-border sep-single sep-solid\" style=\"--awb-height:20px;--awb-amount:20px;--awb-sep-color:#701217;border-color:#701217;border-top-width:3px;\"><\/div><\/div><\/div><\/div><div class=\"fusion-layout-column fusion_builder_column fusion-builder-column-2 fusion_builder_column_1_3 1_3 fusion-flex-column\" style=\"--awb-bg-size:cover;--awb-width-large:33.333333333333%;--awb-margin-top-large:0px;--awb-spacing-right-large:5.76%;--awb-margin-bottom-large:0px;--awb-spacing-left-large:5.76%;--awb-width-medium:100%;--awb-order-medium:0;--awb-spacing-right-medium:1.92%;--awb-spacing-left-medium:1.92%;--awb-width-small:100%;--awb-order-small:0;--awb-spacing-right-small:1.92%;--awb-spacing-left-small:1.92%;\"><div class=\"fusion-column-wrapper fusion-column-has-shadow fusion-flex-justify-content-flex-start fusion-content-layout-column\"><div class=\"fusion-person person fusion-person-center fusion-person-1 fusion-person-icon-bottom\" style=\"--awb-pic-style-color:#292f36;--awb-pic-borderradius:8px;--awb-margin-top:0px;--awb-margin-right:0px;--awb-margin-bottom:0px;--awb-margin-left:0px;\"><div class=\"person-desc\"><div class=\"person-author\"><div class=\"person-author-wrapper\"><span class=\"person-name\">Dawn Z. Hommer<\/span><span class=\"person-title\">Directora Ejecutiva<\/span><\/div><\/div><div class=\"person-content fusion-clearfix\">Dawn Z. Hommer, MBA, es la Directora Ejecutiva de Community Action Agency of Southern New Mexico desde 2011. Dawn es una Profesional Certificada en Acci\u00f3n Comunitaria y graduada del programa de liderazgo Paso Del Norte REALIZE. Se desempe\u00f1a en varias Juntas de Acci\u00f3n Comunitaria, incluso como Presidenta de la Asociaci\u00f3n de Socios Comunitarios de Nuevo M\u00e9xico, Secretaria de la Asociaci\u00f3n de Acci\u00f3n Comunitaria de la Regi\u00f3n VI y CAPLAW. Tiene una Maestr\u00eda en Administraci\u00f3n de Empresas de NMSU, donde tambi\u00e9n recibi\u00f3 su Licenciatura en Administraci\u00f3n de Empresas en Marketing, con distinci\u00f3n en honores universitarios. Es devota fan\u00e1tica de los Philadelphia Eagles y le encanta caminar. <\/div><\/div><\/div><\/div><\/div><div class=\"fusion-layout-column fusion_builder_column fusion-builder-column-3 fusion_builder_column_1_3 1_3 fusion-flex-column\" style=\"--awb-bg-size:cover;--awb-width-large:33.333333333333%;--awb-margin-top-large:0px;--awb-spacing-right-large:5.76%;--awb-margin-bottom-large:0px;--awb-spacing-left-large:5.76%;--awb-width-medium:100%;--awb-order-medium:0;--awb-spacing-right-medium:1.92%;--awb-spacing-left-medium:1.92%;--awb-width-small:100%;--awb-order-small:0;--awb-spacing-right-small:1.92%;--awb-spacing-left-small:1.92%;\"><div class=\"fusion-column-wrapper fusion-column-has-shadow fusion-flex-justify-content-flex-start fusion-content-layout-column\"><div class=\"fusion-person person fusion-person-center fusion-person-2 fusion-person-icon-bottom\" style=\"--awb-pic-style-color:#292f36;--awb-pic-borderradius:8px;--awb-margin-top:0px;--awb-margin-right:0px;--awb-margin-bottom:0px;--awb-margin-left:0px;\"><div class=\"person-shortcode-image-wrapper\"><div class=\"person-image-container hover-type-none person-rounded-overflow\" style=\"-webkit-border-radius:8px;-moz-border-radius:8px;border-radius:8px;border:0px solid #a794a4;-webkit-border-radius:8px;-moz-border-radius:8px;border-radius:8px;\"><img decoding=\"async\" class=\"person-img img-responsive wp-image-2027\" width=\"300\" height=\"214\" src=\"http:\/\/www.caasnm.org\/wp-content\/uploads\/2021\/09\/Marcus2WEB-300x214.jpg\" alt=\"Marcus Crawford\" srcset=\"https:\/\/www.caasnm.org\/wp-content\/uploads\/2021\/09\/Marcus2WEB-200x143.jpg 200w, https:\/\/www.caasnm.org\/wp-content\/uploads\/2021\/09\/Marcus2WEB-400x286.jpg 400w, https:\/\/www.caasnm.org\/wp-content\/uploads\/2021\/09\/Marcus2WEB-600x429.jpg 600w, https:\/\/www.caasnm.org\/wp-content\/uploads\/2021\/09\/Marcus2WEB-800x571.jpg 800w, https:\/\/www.caasnm.org\/wp-content\/uploads\/2021\/09\/Marcus2WEB-1200x857.jpg 1200w, https:\/\/www.caasnm.org\/wp-content\/uploads\/2021\/09\/Marcus2WEB.jpg 1239w\" sizes=\"(max-width: 1024px) 100vw, (max-width: 640px) 100vw, 400px\" \/><\/div><\/div><div class=\"person-desc\"><div class=\"person-author\"><div class=\"person-author-wrapper\"><span class=\"person-name\">Marcus Crawford<\/span><span class=\"person-title\">Gerente de Operaciones<\/span><\/div><\/div><div class=\"person-content fusion-clearfix\">Marcus Crawford es el Gerente de Operaciones de CAASNM. Sus responsabilidades incluyen proporcionar apoyo log\u00edstico tanto al CEO como a los directores de programas de la agencia, as\u00ed como marketing y organizaci\u00f3n de eventos. Marcus tambi\u00e9n es responsable de administrar la Junta Directiva de la agencia y es un capacitador ROMA certificado a nivel nacional (NCRT). En su tiempo libre, a Marcus le gusta hacer ejercicio y jugar videojuegos.<\/div><\/div><\/div><\/div><\/div><div class=\"fusion-layout-column fusion_builder_column fusion-builder-column-4 fusion_builder_column_1_3 1_3 fusion-flex-column\" style=\"--awb-bg-size:cover;--awb-width-large:33.333333333333%;--awb-margin-top-large:0px;--awb-spacing-right-large:5.76%;--awb-margin-bottom-large:0px;--awb-spacing-left-large:5.76%;--awb-width-medium:100%;--awb-order-medium:0;--awb-spacing-right-medium:1.92%;--awb-spacing-left-medium:1.92%;--awb-width-small:100%;--awb-order-small:0;--awb-spacing-right-small:1.92%;--awb-spacing-left-small:1.92%;\"><div class=\"fusion-column-wrapper fusion-column-has-shadow fusion-flex-justify-content-flex-start fusion-content-layout-column\"><div class=\"fusion-person person fusion-person-center fusion-person-3 fusion-person-icon-bottom\" style=\"--awb-pic-style-color:#292f36;--awb-pic-borderradius:8px;--awb-margin-top:0px;--awb-margin-right:0px;--awb-margin-bottom:0px;--awb-margin-left:0px;\"><div class=\"person-desc\"><div class=\"person-author\"><div class=\"person-author-wrapper\"><span class=\"person-name\">Kim Daisley<\/span><span class=\"person-title\">Directora de Finanzas<\/span><\/div><\/div><div class=\"person-content fusion-clearfix\">Kim Daisley es Directora de Finanzas de CAASNM y ha estado con la agencia durante 28 a\u00f1os. Es responsable de la supervisi\u00f3n fiscal de la organizaci\u00f3n, as\u00ed como del control gerencial de todas sus fuentes de financiamiento. Tiene un t\u00edtulo asociado en Administraci\u00f3n de Empresas. Ha disfrutado trabajando para CAASNM durante muchos a\u00f1os y tiene muchos buenos recuerdos de todas las personas con las que ha tenido el placer de trabajar. <\/div><\/div><\/div><\/div><\/div><div class=\"fusion-layout-column fusion_builder_column fusion-builder-column-5 fusion_builder_column_1_3 1_3 fusion-flex-column\" style=\"--awb-bg-size:cover;--awb-width-large:33.333333333333%;--awb-margin-top-large:0px;--awb-spacing-right-large:5.76%;--awb-margin-bottom-large:0px;--awb-spacing-left-large:5.76%;--awb-width-medium:100%;--awb-order-medium:0;--awb-spacing-right-medium:1.92%;--awb-spacing-left-medium:1.92%;--awb-width-small:100%;--awb-order-small:0;--awb-spacing-right-small:1.92%;--awb-spacing-left-small:1.92%;\"><div class=\"fusion-column-wrapper fusion-column-has-shadow fusion-flex-justify-content-flex-start fusion-content-layout-column\"><div class=\"fusion-person person fusion-person-center fusion-person-4 fusion-person-icon-bottom\" style=\"--awb-pic-style-color:#292f36;--awb-pic-borderradius:8px;--awb-margin-top:0px;--awb-margin-right:0px;--awb-margin-bottom:0px;--awb-margin-left:0px;\"><div class=\"person-shortcode-image-wrapper\"><div class=\"person-image-container hover-type-none person-rounded-overflow\" style=\"-webkit-border-radius:8px;-moz-border-radius:8px;border-radius:8px;border:0px solid #a794a4;-webkit-border-radius:8px;-moz-border-radius:8px;border-radius:8px;\"><img decoding=\"async\" class=\"person-img img-responsive wp-image-2029\" width=\"300\" height=\"214\" src=\"http:\/\/www.caasnm.org\/wp-content\/uploads\/2021\/09\/Mark3-WEB-300x214.jpg\" alt=\"Mark Hohnstreiter, C.F.R.E.\" srcset=\"https:\/\/www.caasnm.org\/wp-content\/uploads\/2021\/09\/Mark3-WEB-200x143.jpg 200w, https:\/\/www.caasnm.org\/wp-content\/uploads\/2021\/09\/Mark3-WEB-400x286.jpg 400w, https:\/\/www.caasnm.org\/wp-content\/uploads\/2021\/09\/Mark3-WEB-600x429.jpg 600w, https:\/\/www.caasnm.org\/wp-content\/uploads\/2021\/09\/Mark3-WEB-800x571.jpg 800w, https:\/\/www.caasnm.org\/wp-content\/uploads\/2021\/09\/Mark3-WEB.jpg 840w\" sizes=\"(max-width: 1024px) 100vw, (max-width: 640px) 100vw, 400px\" \/><\/div><\/div><div class=\"person-desc\"><div class=\"person-author\"><div class=\"person-author-wrapper\"><span class=\"person-name\">Mark Hohnstreiter, C.F.R.E.<\/span><span class=\"person-title\">Oficial de Desarrollo<\/span><\/div><\/div><div class=\"person-content fusion-clearfix\">Mark Hohnstreiter es Oficial de Desarrollo en CAASNM, donde es responsable de la redacci\u00f3n de subvenciones y la gesti\u00f3n de subvenciones. En este cargo en los \u00faltimos tres a\u00f1os, ha obtenido varios millones de d\u00f3lares para el apoyo de la agencia. Tiene una certificaci\u00f3n como ejecutivo de recaudaci\u00f3n de fondos (C.F.R.E.) y tiene m\u00e1s de 35 a\u00f1os de experiencia en el campo sin fines de lucro. \u00c9l ve la filantrop\u00eda como una forma de dar vida a nuevos programas. Mientras no est\u00e1 en el trabajo, Mark disfruta de montar a caballo y pintar paisajes al \u00f3leo. <\/div><\/div><\/div><\/div><\/div><div class=\"fusion-layout-column fusion_builder_column fusion-builder-column-6 fusion_builder_column_1_3 1_3 fusion-flex-column\" style=\"--awb-bg-size:cover;--awb-width-large:33.333333333333%;--awb-margin-top-large:0px;--awb-spacing-right-large:5.76%;--awb-margin-bottom-large:0px;--awb-spacing-left-large:5.76%;--awb-width-medium:100%;--awb-order-medium:0;--awb-spacing-right-medium:1.92%;--awb-spacing-left-medium:1.92%;--awb-width-small:100%;--awb-order-small:0;--awb-spacing-right-small:1.92%;--awb-spacing-left-small:1.92%;\"><div class=\"fusion-column-wrapper fusion-column-has-shadow fusion-flex-justify-content-flex-start fusion-content-layout-column\"><div class=\"fusion-person person fusion-person-center fusion-person-5 fusion-person-icon-bottom\" style=\"--awb-pic-style-color:#292f36;--awb-pic-borderradius:8px;--awb-margin-top:0px;--awb-margin-right:0px;--awb-margin-bottom:0px;--awb-margin-left:0px;\"><div class=\"person-desc\"><div class=\"person-author\"><div class=\"person-author-wrapper\"><span class=\"person-name\">Isabel Dominguez<\/span><span class=\"person-title\">Directora, Empoderamiento Familiar<\/span><\/div><\/div><div class=\"person-content fusion-clearfix\">Isabel Dom\u00ednguez fue contratada como Coordinadora de Empoderamiento Familiar de la Agencia de Acci\u00f3n Comunitaria del Sur de Nuevo M\u00e9xico (CAASNM) en julio de 2016. Ella ayuda a administrar cinco programas de desarrollo econ\u00f3mico que incluyen Cuentas de Desarrollo Individual (IDA), un enfoque basado en la evidencia que ha aportado aproximadamente $ 4 millones a la econom\u00eda del Condado de Do\u00f1a Ana mientras ayuda a 171 personas de bajos ingresos a comprar una casa, educaci\u00f3n y \/ o activo comercial desde 2007. Ella est\u00e1 haciendo lo que ama al ayudar a las familias de ingresos bajos a modestos a lograr la estabilidad financiera y trabajar a trav\u00e9s de las barreras para obtener activos con los que han so\u00f1ado. Mientras no est\u00e1 en el trabajo, le gusta caminar, hornear y bailar m\u00fasica de country. <\/div><\/div><\/div><\/div><\/div><div class=\"fusion-layout-column fusion_builder_column fusion-builder-column-7 fusion_builder_column_1_3 1_3 fusion-flex-column\" style=\"--awb-bg-size:cover;--awb-width-large:33.333333333333%;--awb-margin-top-large:0px;--awb-spacing-right-large:5.76%;--awb-margin-bottom-large:0px;--awb-spacing-left-large:5.76%;--awb-width-medium:100%;--awb-order-medium:0;--awb-spacing-right-medium:1.92%;--awb-spacing-left-medium:1.92%;--awb-width-small:100%;--awb-order-small:0;--awb-spacing-right-small:1.92%;--awb-spacing-left-small:1.92%;\"><div class=\"fusion-column-wrapper fusion-column-has-shadow fusion-flex-justify-content-flex-start fusion-content-layout-column\"><div class=\"fusion-person person fusion-person-center fusion-person-6 fusion-person-icon-bottom\" style=\"--awb-pic-style-color:#292f36;--awb-pic-borderradius:8px;--awb-margin-top:0px;--awb-margin-right:0px;--awb-margin-bottom:0px;--awb-margin-left:0px;\"><div class=\"person-shortcode-image-wrapper\"><div class=\"person-image-container hover-type-none person-rounded-overflow\" style=\"-webkit-border-radius:8px;-moz-border-radius:8px;border-radius:8px;border:0px solid #a794a4;-webkit-border-radius:8px;-moz-border-radius:8px;border-radius:8px;\"><img decoding=\"async\" class=\"person-img img-responsive wp-image-2028\" width=\"300\" height=\"214\" src=\"http:\/\/www.caasnm.org\/wp-content\/uploads\/2021\/09\/Adela2-WEB-300x214.jpg\" alt=\"Adela Trujillo\" srcset=\"https:\/\/www.caasnm.org\/wp-content\/uploads\/2021\/09\/Adela2-WEB-200x143.jpg 200w, https:\/\/www.caasnm.org\/wp-content\/uploads\/2021\/09\/Adela2-WEB-400x286.jpg 400w, https:\/\/www.caasnm.org\/wp-content\/uploads\/2021\/09\/Adela2-WEB-600x429.jpg 600w, https:\/\/www.caasnm.org\/wp-content\/uploads\/2021\/09\/Adela2-WEB-800x572.jpg 800w, https:\/\/www.caasnm.org\/wp-content\/uploads\/2021\/09\/Adela2-WEB-1200x857.jpg 1200w, https:\/\/www.caasnm.org\/wp-content\/uploads\/2021\/09\/Adela2-WEB.jpg 1464w\" sizes=\"(max-width: 1024px) 100vw, (max-width: 640px) 100vw, 400px\" \/><\/div><\/div><div class=\"person-desc\"><div class=\"person-author\"><div class=\"person-author-wrapper\"><span class=\"person-name\">Adela Trujillo<\/span><span class=\"person-title\">Directora, Bienestar Familiar<\/span><\/div><\/div><div class=\"person-content fusion-clearfix\">Adela Trujillo es la Directora de Bienestar Familiar en CAASNM, es responsable de la supervisi\u00f3n del Programa de Alimentos para el Cuidado de Ni\u00f1os y Adultos y el Programa healthy Kids, Healthy PreK. Ha sido miembro de la familia CAASNM desde 1996. Tiene experiencia en capacitaci\u00f3n en Nutrici\u00f3n Infantil e Infantil, Primeros Auxilios, Seguridad Infantil, Desarrollo Infantil y ha ense\u00f1ado el Curr\u00edculo del Primer Maestro. Ha recibido el Premio Lewis Hinds por su trabajo con ni\u00f1os. Cuando no est\u00e1 en el trabajo, le gusta coser, elaborar, dibujar, pintar, decorar y planificar fiestas. <\/div><\/div><\/div><\/div><\/div><div class=\"fusion-layout-column fusion_builder_column fusion-builder-column-8 fusion_builder_column_1_3 1_3 fusion-flex-column\" style=\"--awb-bg-size:cover;--awb-width-large:33.333333333333%;--awb-margin-top-large:0px;--awb-spacing-right-large:5.76%;--awb-margin-bottom-large:0px;--awb-spacing-left-large:5.76%;--awb-width-medium:100%;--awb-order-medium:0;--awb-spacing-right-medium:1.92%;--awb-spacing-left-medium:1.92%;--awb-width-small:100%;--awb-order-small:0;--awb-spacing-right-small:1.92%;--awb-spacing-left-small:1.92%;\"><div class=\"fusion-column-wrapper fusion-column-has-shadow fusion-flex-justify-content-flex-start fusion-content-layout-column\"><div class=\"fusion-person person fusion-person-center fusion-person-7 fusion-person-icon-bottom\" style=\"--awb-pic-style-color:#292f36;--awb-pic-borderradius:8px;--awb-margin-top:0px;--awb-margin-right:0px;--awb-margin-bottom:0px;--awb-margin-left:0px;\"><div class=\"person-desc\"><div class=\"person-author\"><div class=\"person-author-wrapper\"><span class=\"person-name\">Llajaira Jimenez<\/span><span class=\"person-title\">Directora, Bridging Resources, Puente de Recursos<\/span><\/div><\/div><div class=\"person-content fusion-clearfix\">Llajaira Jim\u00e9nez es la Directora de Servicios de Beneficios Totales y ayuda con Coats for Kids en CAASNM, Llajaira tiene un asociado en Salud P\u00fablica y una licenciatura en Trabajo Social. Ella ha estado trabajando con CAA durante 11 a\u00f1os y disfruta ayudando a la comunidad. A Llajaira le gusta pasar tiempo con su familia y amigos. <\/div><\/div><\/div><\/div><\/div><div class=\"fusion-layout-column fusion_builder_column fusion-builder-column-9 fusion_builder_column_1_3 1_3 fusion-flex-column\" style=\"--awb-bg-size:cover;--awb-width-large:33.333333333333%;--awb-margin-top-large:0px;--awb-spacing-right-large:5.76%;--awb-margin-bottom-large:0px;--awb-spacing-left-large:5.76%;--awb-width-medium:100%;--awb-order-medium:0;--awb-spacing-right-medium:1.92%;--awb-spacing-left-medium:1.92%;--awb-width-small:100%;--awb-order-small:0;--awb-spacing-right-small:1.92%;--awb-spacing-left-small:1.92%;\"><div class=\"fusion-column-wrapper fusion-column-has-shadow fusion-flex-justify-content-flex-start fusion-content-layout-column\"><div class=\"fusion-person person fusion-person-center fusion-person-8 fusion-person-icon-bottom\" style=\"--awb-pic-style-color:#292f36;--awb-pic-borderradius:8px;--awb-margin-top:0px;--awb-margin-right:0px;--awb-margin-bottom:0px;--awb-margin-left:0px;\"><div class=\"person-desc\"><div class=\"person-author\"><div class=\"person-author-wrapper\"><span class=\"person-name\">Julie Ballard Soto<\/span><span class=\"person-title\">Directora del programa, Thriving Kids<\/span><\/div><\/div><div class=\"person-content fusion-clearfix\">Breve biograf\u00eda<\/div><\/div><\/div><\/div><\/div><div class=\"fusion-layout-column fusion_builder_column fusion-builder-column-10 fusion_builder_column_1_3 1_3 fusion-flex-column\" style=\"--awb-bg-size:cover;--awb-width-large:33.333333333333%;--awb-margin-top-large:0px;--awb-spacing-right-large:5.76%;--awb-margin-bottom-large:0px;--awb-spacing-left-large:5.76%;--awb-width-medium:100%;--awb-order-medium:0;--awb-spacing-right-medium:1.92%;--awb-spacing-left-medium:1.92%;--awb-width-small:100%;--awb-order-small:0;--awb-spacing-right-small:1.92%;--awb-spacing-left-small:1.92%;\"><div class=\"fusion-column-wrapper fusion-column-has-shadow fusion-flex-justify-content-flex-start fusion-content-layout-column\"><div class=\"fusion-person person fusion-person-center fusion-person-9 fusion-person-icon-bottom\" style=\"--awb-pic-style-color:#292f36;--awb-pic-borderradius:8px;--awb-margin-top:0px;--awb-margin-right:0px;--awb-margin-bottom:0px;--awb-margin-left:0px;\"><div class=\"person-shortcode-image-wrapper\"><div class=\"person-image-container hover-type-none person-rounded-overflow\" style=\"-webkit-border-radius:8px;-moz-border-radius:8px;border-radius:8px;border:0px solid #a794a4;-webkit-border-radius:8px;-moz-border-radius:8px;border-radius:8px;\"><img decoding=\"async\" class=\"person-img img-responsive wp-image-2030\" width=\"300\" height=\"240\" src=\"http:\/\/www.caasnm.org\/wp-content\/uploads\/2021\/09\/Melissa-WEB-300x240.jpg\" alt=\"Melissa Ontiveros \" srcset=\"https:\/\/www.caasnm.org\/wp-content\/uploads\/2021\/09\/Melissa-WEB-200x160.jpg 200w, https:\/\/www.caasnm.org\/wp-content\/uploads\/2021\/09\/Melissa-WEB-400x320.jpg 400w, https:\/\/www.caasnm.org\/wp-content\/uploads\/2021\/09\/Melissa-WEB-600x480.jpg 600w, https:\/\/www.caasnm.org\/wp-content\/uploads\/2021\/09\/Melissa-WEB.jpg 612w\" sizes=\"(max-width: 1024px) 100vw, (max-width: 640px) 100vw, 400px\" \/><\/div><\/div><div class=\"person-desc\"><div class=\"person-author\"><div class=\"person-author-wrapper\"><span class=\"person-name\">Melissa Ontiveros <\/span><span class=\"person-title\">Directora del Programa, Familias Pr\u00f3speras- Thriving Families<\/span><\/div><\/div><div class=\"person-content fusion-clearfix\">Melissa Toledo-Ontiveros MA, MCJ, MPA<\/p>\n<p>Melissa desarroll\u00f3 el programa Familias Pr\u00f3speras y se desempe\u00f1a como su Directora del Programa.<\/p>\n<p>El liderazgo y la experiencia de Melissa provienen de varios roles de servicio directo: administrador de casos, consejero escolar y terapeuta mental y conductual. Despu\u00e9s de recibir una doble maestr\u00eda en administraci\u00f3n p\u00fablica y justicia penal de NMSU, trabaj\u00f3 como Gerente del Programa de Promoci\u00f3n de la Salud para el Departamento de Salud de NM en la Regi\u00f3n SW. Recientemente, Melissa se postul\u00f3 para senadora estatal en el Distrito 31 en las elecciones primarias de 2020. Aunque, ella no tom\u00f3 esa carrera que contin\u00faa liderando a trav\u00e9s de su servicio a Nuevo M\u00e9xico.<\/div><\/div><\/div><\/div><\/div><div class=\"fusion-layout-column fusion_builder_column fusion-builder-column-11 fusion_builder_column_1_3 1_3 fusion-flex-column\" style=\"--awb-bg-size:cover;--awb-width-large:33.333333333333%;--awb-margin-top-large:0px;--awb-spacing-right-large:5.76%;--awb-margin-bottom-large:0px;--awb-spacing-left-large:5.76%;--awb-width-medium:100%;--awb-order-medium:0;--awb-spacing-right-medium:1.92%;--awb-spacing-left-medium:1.92%;--awb-width-small:100%;--awb-order-small:0;--awb-spacing-right-small:1.92%;--awb-spacing-left-small:1.92%;\"><div class=\"fusion-column-wrapper fusion-column-has-shadow fusion-flex-justify-content-flex-start fusion-content-layout-column\"><div class=\"fusion-person person fusion-person-center fusion-person-10 fusion-person-icon-bottom\" style=\"--awb-pic-style-color:#292f36;--awb-pic-borderradius:8px;--awb-margin-top:0px;--awb-margin-right:0px;--awb-margin-bottom:0px;--awb-margin-left:0px;\"><div class=\"person-desc\"><div class=\"person-author\"><div class=\"person-author-wrapper\"><span class=\"person-name\">April Christensen <\/span><span class=\"person-title\">Directora del Programa, Programa de J\u00f3venes Emprendedores de Kids Can <\/span><\/div><\/div><div class=\"person-content fusion-clearfix\">\n<p>April Christensen es la fundadora y directora del Programa de J\u00f3venes Emprendedores Kids Can en CAASNM, que ha existido durante cuatro a\u00f1os. Este programa para ni\u00f1os peque\u00f1os educa, asesora e inspira a la pr\u00f3xima generaci\u00f3n de due\u00f1os de negocios y l\u00edderes. Creci\u00f3 en un negocio familiar donde perfeccion\u00f3 sus habilidades empresariales. April tiene doble titulaci\u00f3n en negocios y finanzas y contabilidad. \u00abEstamos buscando inspirar a los j\u00f3venes de hoy para que puedan liderar nuestro ma\u00f1ana\u00bb, dice Christensen. \u00abEs realmente importante dar a los ni\u00f1os la oportunidad de experimentar las recompensas y los desaf\u00edos del esp\u00edritu empresarial\u00bb. <\/div><\/div><\/div><\/div><\/div><div class=\"fusion-layout-column fusion_builder_column fusion-builder-column-12 fusion_builder_column_1_3 1_3 fusion-flex-column\" style=\"--awb-bg-size:cover;--awb-width-large:33.333333333333%;--awb-margin-top-large:0px;--awb-spacing-right-large:5.76%;--awb-margin-bottom-large:0px;--awb-spacing-left-large:5.76%;--awb-width-medium:100%;--awb-order-medium:0;--awb-spacing-right-medium:1.92%;--awb-spacing-left-medium:1.92%;--awb-width-small:100%;--awb-order-small:0;--awb-spacing-right-small:1.92%;--awb-spacing-left-small:1.92%;\"><div class=\"fusion-column-wrapper fusion-column-has-shadow fusion-flex-justify-content-flex-start fusion-content-layout-column\"><div class=\"fusion-person person fusion-person-center fusion-person-11 fusion-person-icon-bottom\" style=\"--awb-pic-style-color:#292f36;--awb-pic-borderradius:8px;--awb-margin-top:0px;--awb-margin-right:0px;--awb-margin-bottom:0px;--awb-margin-left:0px;\"><div class=\"person-desc\"><div class=\"person-author\"><div class=\"person-author-wrapper\"><span class=\"person-name\">Alberto Zavala <\/span><span class=\"person-title\">Coordinador del Programa, Healthy Kids Healthy Preschool <\/span><\/div><\/div><div class=\"person-content fusion-clearfix\">Alberto Zavala es el Coordinador del Programa de Healthy Kids Healthy Childcare. Ha estado trabajando durante m\u00e1s de cuatro a\u00f1os en el campo de la educaci\u00f3n de la primera infancia brindando asistencia t\u00e9cnica, recursos y capacitaci\u00f3n a centros de desarrollo infantil, HeadStart y preescolares en 16 condados en el sur de Nuevo M\u00e9xico para desarrollar e implementar pol\u00edticas donde la alimentaci\u00f3n saludable \/ pr\u00e1cticas de vida activa son parte de la rutina diaria. Alberto tiene m\u00e1s de 14 a\u00f1os de experiencia trabajando con comunidades rurales y es licenciado en Derecho por la Universidad Aut\u00f3noma de Ciudad Ju\u00e1rez. <\/div><\/div><\/div><\/div><\/div><div class=\"fusion-layout-column fusion_builder_column fusion-builder-column-13 fusion_builder_column_1_3 1_3 fusion-flex-column\" style=\"--awb-bg-size:cover;--awb-width-large:33.333333333333%;--awb-margin-top-large:0px;--awb-spacing-right-large:5.76%;--awb-margin-bottom-large:0px;--awb-spacing-left-large:5.76%;--awb-width-medium:100%;--awb-order-medium:0;--awb-spacing-right-medium:1.92%;--awb-spacing-left-medium:1.92%;--awb-width-small:100%;--awb-order-small:0;--awb-spacing-right-small:1.92%;--awb-spacing-left-small:1.92%;\"><div class=\"fusion-column-wrapper fusion-column-has-shadow fusion-flex-justify-content-flex-start fusion-content-layout-column\"><div class=\"fusion-person person fusion-person-center fusion-person-12 fusion-person-icon-bottom\" style=\"--awb-pic-style-color:#292f36;--awb-pic-borderradius:8px;--awb-margin-top:0px;--awb-margin-right:0px;--awb-margin-bottom:0px;--awb-margin-left:0px;\"><div class=\"person-desc\"><div class=\"person-author\"><div class=\"person-author-wrapper\"><span class=\"person-name\">Daisy Maldonado <\/span><span class=\"person-title\">Empowerment Congress - Congreso de Empoderamiento del Condado de Do\u00f1a Ana <\/span><\/div><\/div><div class=\"person-content fusion-clearfix\">Daisy A. Maldonado, MA posee 15 a\u00f1os de experiencia en el trabajo con iniciativas educativas, sin fines de lucro y de participaci\u00f3n comunitaria. Maldonado se uni\u00f3 al Empowerment Congress en 2018 como su Coordinadora, donde desarrolla su plan de estudios de liderazgo comunitario, campa\u00f1as de organizaci\u00f3n comunitaria y la estructura de dise\u00f1o organizacional del EC , Empowerment Congress (Congreso de Empoderamiento). Ahora, como Director, Maldonado est\u00e1 expandiendo a\u00fan m\u00e1s el trabajo del Empowerment Congress, Congreso de Empoderamiento para llegar a m\u00e1s familias y j\u00f3venes dentro de las colonias del Condado de Do\u00f1a Ana con el objetivo de empoderar a las comunidades para que ejerzan su agencia, se apropien y transformen sus comunidades donde cada voz importa, y las necesidades de los residentes cotidianos son la prioridad.<\/p>\n<\/div><\/div><\/div><\/div><\/div><div class=\"fusion-layout-column fusion_builder_column fusion-builder-column-14 fusion_builder_column_1_1 1_1 fusion-flex-column\" style=\"--awb-bg-size:cover;--awb-width-large:100%;--awb-margin-top-large:0px;--awb-spacing-right-large:1.92%;--awb-margin-bottom-large:0px;--awb-spacing-left-large:1.92%;--awb-width-medium:100%;--awb-order-medium:0;--awb-spacing-right-medium:1.92%;--awb-spacing-left-medium:1.92%;--awb-width-small:100%;--awb-order-small:0;--awb-spacing-right-small:1.92%;--awb-spacing-left-small:1.92%;\"><div class=\"fusion-column-wrapper fusion-column-has-shadow fusion-flex-justify-content-flex-start fusion-content-layout-column\"><div class=\"fusion-section-separator section-separator hills-opacity fusion-section-separator-1\" style=\"--awb-spacer-padding-top:17.7734375%;--awb-svg-margin-left:1.92%;--awb-svg-margin-right:1.92%;--awb-svg-margin-left-medium:1.92%;--awb-svg-margin-right-medium:1.92%;--awb-svg-margin-left-small:1.92%;--awb-svg-margin-right-small:1.92%;--awb-sep-font-size:0;--awb-sep-line-height:0;\"><div class=\"fusion-section-separator-svg\"><svg class=\"fusion-hills-opacity-candy\" xmlns=\"http:\/\/www.w3.org\/2000\/svg\" version=\"1.1\" width=\"100%\" viewBox=\"0 -0.5 1024 182\" preserveAspectRatio=\"none\" fill=\"rgba(41,47,54,1)\"><path class=\"st0\" d=\"M0 182.086h1024V41.593c-28.058-21.504-60.109-37.581-97.075-37.581-112.845 0-198.144 93.798-289.792 93.798S437.658 6.777 351.846 6.777s-142.234 82.125-238.49 82.125c-63.078 0-75.776-31.744-113.357-53.658L0 182.086z\"\/>\n\t\t\t\t\t\t\t\t\t<path class=\"st1\" d=\"M1024 181.062v-75.878c-39.731 15.872-80.794 27.341-117.658 25.805-110.387-4.506-191.795-109.773-325.53-116.224-109.158-5.12-344.166 120.115-429.466 166.298H1024v-.001z\"\/>\n\t\t\t\t\t\t\t\t\t<path class=\"st2\" d=\"M0 182.086h1024V90.028C966.451 59.103 907.059 16.3 824.115 15.071 690.278 13.023 665.19 102.93 482.099 102.93S202.138-1.62 74.24.019C46.49.326 21.811 4.217 0 9.849v172.237z\"\/>\n\t\t\t\t\t\t\t\t\t<path class=\"st3\" d=\"M0 182.086h1024V80.505c-37.171 19.558-80.691 35.328-139.571 36.25-151.142 2.355-141.619-28.57-298.496-29.184s-138.854 47.002-305.459 43.725C132.813 128.428 91.238 44.563 0 28.179v153.907z\"\/>\n\t\t\t\t\t\t\t\t\t<path class=\"st4\" d=\"M0 182.086h1024v-77.312c-49.05 20.07-120.525 42.394-193.229 42.086-128.922-.512-159.846-72.294-255.795-72.294-89.088 0-134.656 80.179-245.043 82.022S169.063 99.346 49.971 97.401C32.768 97.094 16.077 99.244 0 103.135v78.951z\"\/>\n\t\t\t\t\t\t\t\t<\/svg><\/div><div class=\"fusion-section-separator-spacer\"><div class=\"fusion-section-separator-spacer-height\"><\/div><\/div><\/div><\/div><\/div><\/div><\/div><\/p>\n","protected":false},"excerpt":{"rendered":"","protected":false},"author":1,"featured_media":0,"parent":0,"menu_order":0,"comment_status":"closed","ping_status":"closed","template":"100-width.php","meta":{"_acf_changed":false,"footnotes":""},"class_list":["post-2168","page","type-page","status-publish","hentry"],"acf":[],"yoast_head":"<!-- This site is optimized with the Yoast SEO plugin v27.5 - https:\/\/yoast.com\/product\/yoast-seo-wordpress\/ -->\n<title>EQUIPO - Community Action Agency of Southern New Mexico<\/title>\n<meta name=\"robots\" content=\"index, follow, max-snippet:-1, max-image-preview:large, max-video-preview:-1\" \/>\n<link rel=\"canonical\" href=\"https:\/\/www.caasnm.org\/es\/equipo\/\" \/>\n<meta property=\"og:locale\" content=\"es_ES\" \/>\n<meta property=\"og:type\" content=\"article\" \/>\n<meta property=\"og:title\" content=\"EQUIPO - Community Action Agency of Southern New Mexico\" \/>\n<meta property=\"og:url\" content=\"https:\/\/www.caasnm.org\/es\/equipo\/\" \/>\n<meta property=\"og:site_name\" content=\"Community Action Agency of Southern New Mexico\" \/>\n<meta property=\"article:modified_time\" content=\"2022-01-05T17:52:29+00:00\" \/>\n<meta name=\"twitter:card\" content=\"summary_large_image\" \/>\n<meta name=\"twitter:label1\" content=\"Tiempo de lectura\" \/>\n\t<meta name=\"twitter:data1\" content=\"36 minutos\" \/>\n<script type=\"application\/ld+json\" class=\"yoast-schema-graph\">{\"@context\":\"https:\\\/\\\/schema.org\",\"@graph\":[{\"@type\":\"WebPage\",\"@id\":\"https:\\\/\\\/www.caasnm.org\\\/es\\\/equipo\\\/\",\"url\":\"https:\\\/\\\/www.caasnm.org\\\/es\\\/equipo\\\/\",\"name\":\"EQUIPO - Community Action Agency of Southern New Mexico\",\"isPartOf\":{\"@id\":\"https:\\\/\\\/www.caasnm.org\\\/es\\\/#website\"},\"datePublished\":\"2022-01-05T17:52:22+00:00\",\"dateModified\":\"2022-01-05T17:52:29+00:00\",\"breadcrumb\":{\"@id\":\"https:\\\/\\\/www.caasnm.org\\\/es\\\/equipo\\\/#breadcrumb\"},\"inLanguage\":\"es\",\"potentialAction\":[{\"@type\":\"ReadAction\",\"target\":[\"https:\\\/\\\/www.caasnm.org\\\/es\\\/equipo\\\/\"]}]},{\"@type\":\"BreadcrumbList\",\"@id\":\"https:\\\/\\\/www.caasnm.org\\\/es\\\/equipo\\\/#breadcrumb\",\"itemListElement\":[{\"@type\":\"ListItem\",\"position\":1,\"name\":\"Home\",\"item\":\"https:\\\/\\\/www.caasnm.org\\\/es\\\/\"},{\"@type\":\"ListItem\",\"position\":2,\"name\":\"EQUIPO\"}]},{\"@type\":\"WebSite\",\"@id\":\"https:\\\/\\\/www.caasnm.org\\\/es\\\/#website\",\"url\":\"https:\\\/\\\/www.caasnm.org\\\/es\\\/\",\"name\":\"Community Action Agency of Southern New Mexico\",\"description\":\"Thriving, Equitable Communities\",\"potentialAction\":[{\"@type\":\"SearchAction\",\"target\":{\"@type\":\"EntryPoint\",\"urlTemplate\":\"https:\\\/\\\/www.caasnm.org\\\/es\\\/?s={search_term_string}\"},\"query-input\":{\"@type\":\"PropertyValueSpecification\",\"valueRequired\":true,\"valueName\":\"search_term_string\"}}],\"inLanguage\":\"es\"}]}<\/script>\n<!-- \/ Yoast SEO plugin. -->","yoast_head_json":{"title":"EQUIPO - Community Action Agency of Southern New Mexico","robots":{"index":"index","follow":"follow","max-snippet":"max-snippet:-1","max-image-preview":"max-image-preview:large","max-video-preview":"max-video-preview:-1"},"canonical":"https:\/\/www.caasnm.org\/es\/equipo\/","og_locale":"es_ES","og_type":"article","og_title":"EQUIPO - Community Action Agency of Southern New Mexico","og_url":"https:\/\/www.caasnm.org\/es\/equipo\/","og_site_name":"Community Action Agency of Southern New Mexico","article_modified_time":"2022-01-05T17:52:29+00:00","twitter_card":"summary_large_image","twitter_misc":{"Tiempo de lectura":"36 minutos"},"schema":{"@context":"https:\/\/schema.org","@graph":[{"@type":"WebPage","@id":"https:\/\/www.caasnm.org\/es\/equipo\/","url":"https:\/\/www.caasnm.org\/es\/equipo\/","name":"EQUIPO - Community Action Agency of Southern New Mexico","isPartOf":{"@id":"https:\/\/www.caasnm.org\/es\/#website"},"datePublished":"2022-01-05T17:52:22+00:00","dateModified":"2022-01-05T17:52:29+00:00","breadcrumb":{"@id":"https:\/\/www.caasnm.org\/es\/equipo\/#breadcrumb"},"inLanguage":"es","potentialAction":[{"@type":"ReadAction","target":["https:\/\/www.caasnm.org\/es\/equipo\/"]}]},{"@type":"BreadcrumbList","@id":"https:\/\/www.caasnm.org\/es\/equipo\/#breadcrumb","itemListElement":[{"@type":"ListItem","position":1,"name":"Home","item":"https:\/\/www.caasnm.org\/es\/"},{"@type":"ListItem","position":2,"name":"EQUIPO"}]},{"@type":"WebSite","@id":"https:\/\/www.caasnm.org\/es\/#website","url":"https:\/\/www.caasnm.org\/es\/","name":"Community Action Agency of Southern New Mexico","description":"Thriving, Equitable Communities","potentialAction":[{"@type":"SearchAction","target":{"@type":"EntryPoint","urlTemplate":"https:\/\/www.caasnm.org\/es\/?s={search_term_string}"},"query-input":{"@type":"PropertyValueSpecification","valueRequired":true,"valueName":"search_term_string"}}],"inLanguage":"es"}]}},"publishpress_future_action":{"enabled":false,"date":"2026-05-06 05:24:42","action":"change-status","newStatus":"draft","terms":[],"taxonomy":"translation_priority","extraData":[]},"publishpress_future_workflow_manual_trigger":{"enabledWorkflows":[]},"_links":{"self":[{"href":"https:\/\/www.caasnm.org\/es\/wp-json\/wp\/v2\/pages\/2168","targetHints":{"allow":["GET"]}}],"collection":[{"href":"https:\/\/www.caasnm.org\/es\/wp-json\/wp\/v2\/pages"}],"about":[{"href":"https:\/\/www.caasnm.org\/es\/wp-json\/wp\/v2\/types\/page"}],"author":[{"embeddable":true,"href":"https:\/\/www.caasnm.org\/es\/wp-json\/wp\/v2\/users\/1"}],"replies":[{"embeddable":true,"href":"https:\/\/www.caasnm.org\/es\/wp-json\/wp\/v2\/comments?post=2168"}],"version-history":[{"count":6,"href":"https:\/\/www.caasnm.org\/es\/wp-json\/wp\/v2\/pages\/2168\/revisions"}],"predecessor-version":[{"id":2174,"href":"https:\/\/www.caasnm.org\/es\/wp-json\/wp\/v2\/pages\/2168\/revisions\/2174"}],"wp:attachment":[{"href":"https:\/\/www.caasnm.org\/es\/wp-json\/wp\/v2\/media?parent=2168"}],"curies":[{"name":"wp","href":"https:\/\/api.w.org\/{rel}","templated":true}]}}